{"id":1998,"date":"2009-11-16T00:00:00","date_gmt":"2009-11-15T23:00:00","guid":{"rendered":"http:\/\/www.feuerwehr-iversheim.de\/?post_type=einsatz&#038;p=1998"},"modified":"2017-11-01T10:22:45","modified_gmt":"2017-11-01T09:22:45","slug":"schwelbrand-im-getreidesilo","status":"publish","type":"einsatz","link":"https:\/\/www.feuerwehr-iversheim.de\/?einsatz=schwelbrand-im-getreidesilo","title":{"rendered":"Schwelbrand im Getreidesilo"},"content":{"rendered":"<p><strong>Feuerwehr arbeitet Tag und Nacht im Schichtdienst<\/strong><\/p>\n<p>Am Nachmittag des 15.11.2009 hatte ein Mitarbeiter an einem Silo, das mit ca. 4400 Tonnen Getreide gef\u00fcllt war, einen ungewohnten Geruch wahrgenommen. Er alarmierte gegen 16:50 Uhr die Feuerwehr und stellten die K\u00fchlung des Silos ab um eine weitere Sauerstoffzufuhr zu unterbinden. Der 3. L\u00f6schzug der Stadt Z\u00fclpich r\u00fcckte unter der Leitung von Stadtbrandmeister Richard Cremer aus. Nachdem am Silo Temperaturmessungen durch gef\u00fchrt worden waren, stand fest, dass f\u00fcr den Geruch ein Schwelbrand verantwortlich sein musste.<\/p>\n<p>Als Berater wurde der u.a. Kreis-ABC-Zugf\u00fchrer Rolf Stupp hinzugezogen, denn dieser Brand konnte nicht wie gewohnt mit Wasser, sondern nur durch die Zufuhr von Stickstoff gel\u00f6scht werden.<\/p>\n<p>Ursache f\u00fcr den Schwelbrand war wohl Reibung die durch einen Riss in der 12 Meter langen F\u00f6rderschnecke des Silos entstanden war. Das Silo ist vom Boden 28 Meter hoch, unter ihm ist ein 8 Meter tiefer Kegel und der Durchmesser betr\u00e4gt 16 Meter.<\/p>\n<p>W\u00e4hrend am Sonntag rund 40 Einsatzkr\u00e4fte vor Ort waren, die f\u00fcr den Fall der F\u00e4lle Wasserwerfer in Stellung brachten, wurde in der Nacht die Besatzung auf deutlich weniger Personal reduziert.<\/p>\n<p>Am Montag morgen traf der Stickstoff aus Duisburg und weitere Kr\u00e4fte der Feuerwehr unter anderem die Messkomponente des Kreis ABC Zuges aus Euskirchen und Iversheim, sowie der stellvertretende Kreisbrandmeister Frank Eichen ein. Die Messkomponente hatte die Aufgabe sowohl Temperaturmesspunkte am Silos zu \u00fcberwachen und zu dokumentieren, als auch mit Gasmessger\u00e4ten die Sauerstoffkonzentration w\u00e4hrend der Stickstoffbeflutung des Silos zu \u00fcberwachen. Ziel war es die Sauerstoffkonzentration innerhalb des Silos unter 8% zu halten, damit f\u00fcr den Verbrennungsproze\u00df nicht gen\u00fcgend Sauerstoff zu Verf\u00fcgung stand.<\/p>\n<p>Am Dienstag Morgen wurde zuerst ein, im Verlauf der darauf folgenden Tage weitere L\u00f6cher, in die Au\u00dfenh\u00fclle des Silos geschnitten, um je eine neue F\u00f6rderschnecke in das Silo einzubringen, mit denen dann Korn aus dem Silo gef\u00f6rdert wurde. Die Reste der alten Schnecke wurden aus dem Siloschacht entfernt um dort eine neue einzubauen.<\/p>\n<p>Am Samstag Abend wurde das Glutnest des Schwelbrands freigelegt. Am Sonntagmittag wurde dann nur noch pechschwarzes verbranntes Getreide aus den drei F\u00f6rderschnecken gef\u00f6rdert. Gegen Abend war es dann endlich geschafft. Das Feuer war aus. Am Montag morgen konnte dann endg\u00fcltig Entwarnung gegeben werden. Die Temperatur im Silo blieb konstant unter 12 \u00b0C.<\/p>\n<p>Soweit bekannt ist, war dieser Vorfall einzigartig. Lediglich in den USA sind Br\u00e4nde von Siloanlagen bekannt, bei denen es sogar zu Explosionen kam.<\/p>\n\n\t\t<style type=\"text\/css\">\n\t\t\t#gallery-1 {\n\t\t\t\tmargin: auto;\n\t\t\t}\n\t\t\t#gallery-1 .gallery-item {\n\t\t\t\tfloat: left;\n\t\t\t\tmargin-top: 10px;\n\t\t\t\ttext-align: center;\n\t\t\t\twidth: 11%;\n\t\t\t}\n\t\t\t#gallery-1 img {\n\t\t\t\tborder: 2px solid #cfcfcf;\n\t\t\t}\n\t\t\t#gallery-1 .gallery-caption {\n\t\t\t\tmargin-left: 0;\n\t\t\t}\n\t\t\t\/* see gallery_shortcode() in wp-includes\/media.php *\/\n\t\t<\/style>\n\t\t<div id='gallery-1' class='gallery galleryid-1998 gallery-columns-9 gallery-size-thumbnail'><dl class='gallery-item'>\n\t\t\t<dt class='gallery-icon landscape'>\n\t\t\t\t<a href='https:\/\/www.feuerwehr-iversheim.de\/wp-content\/uploads\/2017\/11\/einsatz-20091116-01.jpg'><img loading=\"lazy\" decoding=\"async\" width=\"150\" height=\"150\" src=\"https:\/\/www.feuerwehr-iversheim.de\/wp-content\/uploads\/2017\/11\/einsatz-20091116-01-150x150.jpg\" class=\"attachment-thumbnail size-thumbnail\" alt=\"\" \/><\/a>\n\t\t\t<\/dt><\/dl><dl class='gallery-item'>\n\t\t\t<dt class='gallery-icon landscape'>\n\t\t\t\t<a href='https:\/\/www.feuerwehr-iversheim.de\/wp-content\/uploads\/2017\/11\/einsatz-20091116-02.jpg'><img loading=\"lazy\" decoding=\"async\" width=\"150\" height=\"150\" src=\"https:\/\/www.feuerwehr-iversheim.de\/wp-content\/uploads\/2017\/11\/einsatz-20091116-02-150x150.jpg\" class=\"attachment-thumbnail size-thumbnail\" alt=\"\" \/><\/a>\n\t\t\t<\/dt><\/dl><dl class='gallery-item'>\n\t\t\t<dt class='gallery-icon landscape'>\n\t\t\t\t<a href='https:\/\/www.feuerwehr-iversheim.de\/wp-content\/uploads\/2017\/11\/einsatz-20091116-03.jpg'><img loading=\"lazy\" decoding=\"async\" width=\"150\" height=\"150\" src=\"https:\/\/www.feuerwehr-iversheim.de\/wp-content\/uploads\/2017\/11\/einsatz-20091116-03-150x150.jpg\" class=\"attachment-thumbnail size-thumbnail\" alt=\"\" \/><\/a>\n\t\t\t<\/dt><\/dl><dl class='gallery-item'>\n\t\t\t<dt class='gallery-icon landscape'>\n\t\t\t\t<a href='https:\/\/www.feuerwehr-iversheim.de\/wp-content\/uploads\/2017\/11\/einsatz-20091116-04.jpg'><img loading=\"lazy\" decoding=\"async\" width=\"150\" height=\"150\" src=\"https:\/\/www.feuerwehr-iversheim.de\/wp-content\/uploads\/2017\/11\/einsatz-20091116-04-150x150.jpg\" class=\"attachment-thumbnail size-thumbnail\" alt=\"\" \/><\/a>\n\t\t\t<\/dt><\/dl><dl class='gallery-item'>\n\t\t\t<dt class='gallery-icon portrait'>\n\t\t\t\t<a href='https:\/\/www.feuerwehr-iversheim.de\/wp-content\/uploads\/2017\/11\/einsatz-20091116-05.jpg'><img loading=\"lazy\" decoding=\"async\" width=\"150\" height=\"150\" src=\"https:\/\/www.feuerwehr-iversheim.de\/wp-content\/uploads\/2017\/11\/einsatz-20091116-05-150x150.jpg\" class=\"attachment-thumbnail size-thumbnail\" alt=\"\" \/><\/a>\n\t\t\t<\/dt><\/dl><dl class='gallery-item'>\n\t\t\t<dt class='gallery-icon landscape'>\n\t\t\t\t<a href='https:\/\/www.feuerwehr-iversheim.de\/wp-content\/uploads\/2017\/11\/einsatz-20091116-06.jpg'><img loading=\"lazy\" decoding=\"async\" width=\"150\" height=\"150\" src=\"https:\/\/www.feuerwehr-iversheim.de\/wp-content\/uploads\/2017\/11\/einsatz-20091116-06-150x150.jpg\" class=\"attachment-thumbnail size-thumbnail\" alt=\"\" \/><\/a>\n\t\t\t<\/dt><\/dl><dl class='gallery-item'>\n\t\t\t<dt class='gallery-icon landscape'>\n\t\t\t\t<a href='https:\/\/www.feuerwehr-iversheim.de\/wp-content\/uploads\/2017\/11\/einsatz-20091116-07.jpg'><img loading=\"lazy\" decoding=\"async\" width=\"150\" height=\"150\" src=\"https:\/\/www.feuerwehr-iversheim.de\/wp-content\/uploads\/2017\/11\/einsatz-20091116-07-150x150.jpg\" class=\"attachment-thumbnail size-thumbnail\" alt=\"\" \/><\/a>\n\t\t\t<\/dt><\/dl><dl class='gallery-item'>\n\t\t\t<dt class='gallery-icon landscape'>\n\t\t\t\t<a href='https:\/\/www.feuerwehr-iversheim.de\/wp-content\/uploads\/2017\/11\/einsatz-20091116-08.jpg'><img loading=\"lazy\" decoding=\"async\" width=\"150\" height=\"150\" src=\"https:\/\/www.feuerwehr-iversheim.de\/wp-content\/uploads\/2017\/11\/einsatz-20091116-08-150x150.jpg\" class=\"attachment-thumbnail size-thumbnail\" alt=\"\" \/><\/a>\n\t\t\t<\/dt><\/dl><dl class='gallery-item'>\n\t\t\t<dt class='gallery-icon landscape'>\n\t\t\t\t<a href='https:\/\/www.feuerwehr-iversheim.de\/wp-content\/uploads\/2017\/11\/einsatz-20091116-09.jpg'><img loading=\"lazy\" decoding=\"async\" width=\"150\" height=\"150\" src=\"https:\/\/www.feuerwehr-iversheim.de\/wp-content\/uploads\/2017\/11\/einsatz-20091116-09-150x150.jpg\" class=\"attachment-thumbnail size-thumbnail\" alt=\"\" \/><\/a>\n\t\t\t<\/dt><\/dl><br style=\"clear: both\" \/><dl class='gallery-item'>\n\t\t\t<dt class='gallery-icon landscape'>\n\t\t\t\t<a href='https:\/\/www.feuerwehr-iversheim.de\/wp-content\/uploads\/2017\/11\/einsatz-20091116-10.jpg'><img loading=\"lazy\" decoding=\"async\" width=\"150\" height=\"150\" src=\"https:\/\/www.feuerwehr-iversheim.de\/wp-content\/uploads\/2017\/11\/einsatz-20091116-10-150x150.jpg\" class=\"attachment-thumbnail size-thumbnail\" alt=\"\" \/><\/a>\n\t\t\t<\/dt><\/dl><dl class='gallery-item'>\n\t\t\t<dt class='gallery-icon landscape'>\n\t\t\t\t<a href='https:\/\/www.feuerwehr-iversheim.de\/wp-content\/uploads\/2017\/11\/einsatz-20091116-11.jpg'><img loading=\"lazy\" decoding=\"async\" width=\"150\" height=\"150\" src=\"https:\/\/www.feuerwehr-iversheim.de\/wp-content\/uploads\/2017\/11\/einsatz-20091116-11-150x150.jpg\" class=\"attachment-thumbnail size-thumbnail\" alt=\"\" \/><\/a>\n\t\t\t<\/dt><\/dl><dl class='gallery-item'>\n\t\t\t<dt class='gallery-icon landscape'>\n\t\t\t\t<a href='https:\/\/www.feuerwehr-iversheim.de\/wp-content\/uploads\/2017\/11\/einsatz-20091116-12.jpg'><img loading=\"lazy\" decoding=\"async\" width=\"150\" height=\"150\" src=\"https:\/\/www.feuerwehr-iversheim.de\/wp-content\/uploads\/2017\/11\/einsatz-20091116-12-150x150.jpg\" class=\"attachment-thumbnail size-thumbnail\" alt=\"\" \/><\/a>\n\t\t\t<\/dt><\/dl><dl class='gallery-item'>\n\t\t\t<dt class='gallery-icon landscape'>\n\t\t\t\t<a href='https:\/\/www.feuerwehr-iversheim.de\/wp-content\/uploads\/2017\/11\/einsatz-20091116-13.jpg'><img loading=\"lazy\" decoding=\"async\" width=\"150\" height=\"150\" src=\"https:\/\/www.feuerwehr-iversheim.de\/wp-content\/uploads\/2017\/11\/einsatz-20091116-13-150x150.jpg\" class=\"attachment-thumbnail size-thumbnail\" alt=\"\" \/><\/a>\n\t\t\t<\/dt><\/dl><dl class='gallery-item'>\n\t\t\t<dt class='gallery-icon landscape'>\n\t\t\t\t<a href='https:\/\/www.feuerwehr-iversheim.de\/wp-content\/uploads\/2017\/11\/einsatz-20091116-14.jpg'><img loading=\"lazy\" decoding=\"async\" width=\"150\" height=\"150\" src=\"https:\/\/www.feuerwehr-iversheim.de\/wp-content\/uploads\/2017\/11\/einsatz-20091116-14-150x150.jpg\" class=\"attachment-thumbnail size-thumbnail\" alt=\"\" \/><\/a>\n\t\t\t<\/dt><\/dl><dl class='gallery-item'>\n\t\t\t<dt class='gallery-icon landscape'>\n\t\t\t\t<a href='https:\/\/www.feuerwehr-iversheim.de\/wp-content\/uploads\/2017\/11\/einsatz-20091116-15.jpg'><img loading=\"lazy\" decoding=\"async\" width=\"150\" height=\"150\" src=\"https:\/\/www.feuerwehr-iversheim.de\/wp-content\/uploads\/2017\/11\/einsatz-20091116-15-150x150.jpg\" class=\"attachment-thumbnail size-thumbnail\" alt=\"\" \/><\/a>\n\t\t\t<\/dt><\/dl><dl class='gallery-item'>\n\t\t\t<dt class='gallery-icon landscape'>\n\t\t\t\t<a href='https:\/\/www.feuerwehr-iversheim.de\/wp-content\/uploads\/2017\/11\/einsatz-20091116-16.jpg'><img loading=\"lazy\" decoding=\"async\" width=\"150\" height=\"150\" src=\"https:\/\/www.feuerwehr-iversheim.de\/wp-content\/uploads\/2017\/11\/einsatz-20091116-16-150x150.jpg\" class=\"attachment-thumbnail size-thumbnail\" alt=\"\" \/><\/a>\n\t\t\t<\/dt><\/dl><dl class='gallery-item'>\n\t\t\t<dt class='gallery-icon landscape'>\n\t\t\t\t<a href='https:\/\/www.feuerwehr-iversheim.de\/wp-content\/uploads\/2017\/11\/einsatz-20091116-17.jpg'><img loading=\"lazy\" decoding=\"async\" width=\"150\" height=\"150\" src=\"https:\/\/www.feuerwehr-iversheim.de\/wp-content\/uploads\/2017\/11\/einsatz-20091116-17-150x150.jpg\" class=\"attachment-thumbnail size-thumbnail\" alt=\"\" \/><\/a>\n\t\t\t<\/dt><\/dl><dl class='gallery-item'>\n\t\t\t<dt class='gallery-icon landscape'>\n\t\t\t\t<a href='https:\/\/www.feuerwehr-iversheim.de\/wp-content\/uploads\/2017\/11\/einsatz-20091116-18.jpg'><img loading=\"lazy\" decoding=\"async\" width=\"150\" height=\"150\" src=\"https:\/\/www.feuerwehr-iversheim.de\/wp-content\/uploads\/2017\/11\/einsatz-20091116-18-150x150.jpg\" class=\"attachment-thumbnail size-thumbnail\" alt=\"\" \/><\/a>\n\t\t\t<\/dt><\/dl><br style=\"clear: both\" \/><dl class='gallery-item'>\n\t\t\t<dt class='gallery-icon landscape'>\n\t\t\t\t<a href='https:\/\/www.feuerwehr-iversheim.de\/wp-content\/uploads\/2017\/11\/einsatz-20091116-19.jpg'><img loading=\"lazy\" decoding=\"async\" width=\"150\" height=\"150\" src=\"https:\/\/www.feuerwehr-iversheim.de\/wp-content\/uploads\/2017\/11\/einsatz-20091116-19-150x150.jpg\" class=\"attachment-thumbnail size-thumbnail\" alt=\"\" \/><\/a>\n\t\t\t<\/dt><\/dl><dl class='gallery-item'>\n\t\t\t<dt class='gallery-icon landscape'>\n\t\t\t\t<a href='https:\/\/www.feuerwehr-iversheim.de\/wp-content\/uploads\/2017\/11\/einsatz-20091116-20.jpg'><img loading=\"lazy\" decoding=\"async\" width=\"150\" height=\"150\" src=\"https:\/\/www.feuerwehr-iversheim.de\/wp-content\/uploads\/2017\/11\/einsatz-20091116-20-150x150.jpg\" class=\"attachment-thumbnail size-thumbnail\" alt=\"\" \/><\/a>\n\t\t\t<\/dt><\/dl><dl class='gallery-item'>\n\t\t\t<dt class='gallery-icon landscape'>\n\t\t\t\t<a href='https:\/\/www.feuerwehr-iversheim.de\/wp-content\/uploads\/2017\/11\/einsatz-20091116-21.jpg'><img loading=\"lazy\" decoding=\"async\" width=\"150\" height=\"150\" src=\"https:\/\/www.feuerwehr-iversheim.de\/wp-content\/uploads\/2017\/11\/einsatz-20091116-21-150x150.jpg\" class=\"attachment-thumbnail size-thumbnail\" alt=\"\" \/><\/a>\n\t\t\t<\/dt><\/dl><dl class='gallery-item'>\n\t\t\t<dt class='gallery-icon portrait'>\n\t\t\t\t<a href='https:\/\/www.feuerwehr-iversheim.de\/wp-content\/uploads\/2017\/11\/einsatz-20091116-22.jpg'><img loading=\"lazy\" decoding=\"async\" width=\"150\" height=\"150\" src=\"https:\/\/www.feuerwehr-iversheim.de\/wp-content\/uploads\/2017\/11\/einsatz-20091116-22-150x150.jpg\" class=\"attachment-thumbnail size-thumbnail\" alt=\"\" \/><\/a>\n\t\t\t<\/dt><\/dl><dl class='gallery-item'>\n\t\t\t<dt class='gallery-icon portrait'>\n\t\t\t\t<a href='https:\/\/www.feuerwehr-iversheim.de\/wp-content\/uploads\/2017\/11\/einsatz-20091116-23.jpg'><img loading=\"lazy\" decoding=\"async\" width=\"150\" height=\"150\" src=\"https:\/\/www.feuerwehr-iversheim.de\/wp-content\/uploads\/2017\/11\/einsatz-20091116-23-150x150.jpg\" class=\"attachment-thumbnail size-thumbnail\" alt=\"\" \/><\/a>\n\t\t\t<\/dt><\/dl><dl class='gallery-item'>\n\t\t\t<dt class='gallery-icon portrait'>\n\t\t\t\t<a href='https:\/\/www.feuerwehr-iversheim.de\/wp-content\/uploads\/2017\/11\/einsatz-20091116-24.jpg'><img loading=\"lazy\" decoding=\"async\" width=\"150\" height=\"150\" src=\"https:\/\/www.feuerwehr-iversheim.de\/wp-content\/uploads\/2017\/11\/einsatz-20091116-24-150x150.jpg\" class=\"attachment-thumbnail size-thumbnail\" alt=\"\" \/><\/a>\n\t\t\t<\/dt><\/dl>\n\t\t\t<br style='clear: both' \/>\n\t\t<\/div>\n\n","protected":false},"author":1,"featured_media":0,"template":"","meta":{"einsatz_weight":1,"footnotes":""},"categories":[],"tags":[],"einsatzart":[],"fahrzeug":[],"exteinsatzmittel":[],"alarmierungsart":[],"evw_unit":[],"class_list":["post-1998","einsatz","type-einsatz","status-publish","hentry"],"_links":{"self":[{"href":"https:\/\/www.feuerwehr-iversheim.de\/index.php?rest_route=\/wp\/v2\/einsatz\/1998","targetHints":{"allow":["GET"]}}],"collection":[{"href":"https:\/\/www.feuerwehr-iversheim.de\/index.php?rest_route=\/wp\/v2\/einsatz"}],"about":[{"href":"https:\/\/www.feuerwehr-iversheim.de\/index.php?rest_route=\/wp\/v2\/types\/einsatz"}],"author":[{"embeddable":true,"href":"https:\/\/www.feuerwehr-iversheim.de\/index.php?rest_route=\/wp\/v2\/users\/1"}],"version-history":[{"count":1,"href":"https:\/\/www.feuerwehr-iversheim.de\/index.php?rest_route=\/wp\/v2\/einsatz\/1998\/revisions"}],"predecessor-version":[{"id":2023,"href":"https:\/\/www.feuerwehr-iversheim.de\/index.php?rest_route=\/wp\/v2\/einsatz\/1998\/revisions\/2023"}],"wp:attachment":[{"href":"https:\/\/www.feuerwehr-iversheim.de\/index.php?rest_route=%2Fwp%2Fv2%2Fmedia&parent=1998"}],"wp:term":[{"taxonomy":"category","embeddable":true,"href":"https:\/\/www.feuerwehr-iversheim.de\/index.php?rest_route=%2Fwp%2Fv2%2Fcategories&post=1998"},{"taxonomy":"post_tag","embeddable":true,"href":"https:\/\/www.feuerwehr-iversheim.de\/index.php?rest_route=%2Fwp%2Fv2%2Ftags&post=1998"},{"taxonomy":"einsatzart","embeddable":true,"href":"https:\/\/www.feuerwehr-iversheim.de\/index.php?rest_route=%2Fwp%2Fv2%2Feinsatzart&post=1998"},{"taxonomy":"fahrzeug","embeddable":true,"href":"https:\/\/www.feuerwehr-iversheim.de\/index.php?rest_route=%2Fwp%2Fv2%2Ffahrzeug&post=1998"},{"taxonomy":"exteinsatzmittel","embeddable":true,"href":"https:\/\/www.feuerwehr-iversheim.de\/index.php?rest_route=%2Fwp%2Fv2%2Fexteinsatzmittel&post=1998"},{"taxonomy":"alarmierungsart","embeddable":true,"href":"https:\/\/www.feuerwehr-iversheim.de\/index.php?rest_route=%2Fwp%2Fv2%2Falarmierungsart&post=1998"},{"taxonomy":"evw_unit","embeddable":true,"href":"https:\/\/www.feuerwehr-iversheim.de\/index.php?rest_route=%2Fwp%2Fv2%2Fevw_unit&post=1998"}],"curies":[{"name":"wp","href":"https:\/\/api.w.org\/{rel}","templated":true}]}}