{"id":991,"date":"2000-01-01T00:00:00","date_gmt":"1999-12-31T23:00:00","guid":{"rendered":"http:\/\/www.feuerwehr-iversheim.de\/?post_type=einsatz&#038;p=991"},"modified":"2017-10-31T17:18:24","modified_gmt":"2017-10-31T16:18:24","slug":"brand-in-lackiererei","status":"publish","type":"einsatz","link":"https:\/\/www.feuerwehr-iversheim.de\/?einsatz=brand-in-lackiererei","title":{"rendered":"Brand in Lackiererei"},"content":{"rendered":"<p><img loading=\"lazy\" decoding=\"async\" class=\"size-full wp-image-993 alignnone\" src=\"http:\/\/www.feuerwehr-iversheim.de\/wp-content\/uploads\/2000\/01\/einsatz-20000101-01.jpg\" alt=\"\" width=\"595\" height=\"336\" srcset=\"https:\/\/www.feuerwehr-iversheim.de\/wp-content\/uploads\/2000\/01\/einsatz-20000101-01.jpg 595w, https:\/\/www.feuerwehr-iversheim.de\/wp-content\/uploads\/2000\/01\/einsatz-20000101-01-300x169.jpg 300w\" sizes=\"auto, (max-width: 595px) 100vw, 595px\" \/><\/p>\n<p><strong>Brandbek\u00e4mpfung statt Silvesterparty<\/strong><\/p>\n<p>Obergartzem: Explosionsgefahr musste gebannt werden. Hoher Sachschaden. Brandursache steht noch nicht fest. Das neue Jahr war gerade mal eine Stunde alt, da wurde die Mechernicher Wehr bereits zu ihrem ersten Einsatz alarmiert. Im Industriegebiet brannte die Halle eines Lackierbetriebes, der auch Karosseriearbeiten durchf\u00fchrt. Unter Leitung des erst seit Mitternacht amtierenden neuen Kreisbrandmeisters Udo Crespin waren die L\u00f6schz\u00fcge 1 und 3 (aus Antweiler, Firmenich, Holzheim, Kommern, Mechernich, Obergartzem, Satzvey, Wachendorf und Weiler am Berg), au\u00dferdem die Drehleiter aus Kall, der Euskirchener GSG \u2013 Zug und die L\u00f6schgruppe Iversheim im Einsatz.<\/p>\n<p>Der Gefahrgutzug und die L\u00f6schgruppe Iversheim wurden alarmiert, weil aus dem Geb\u00e4ude dichter Qualm entwich und zu bef\u00fcrchten war, dass Gesundheitsgef\u00e4hrdende Stoffe austreten und in der Umgebung verbreiten w\u00fcrde. In Obergartzem und benachbarten Orten laufend durchgef\u00fchrte Messungen waren jedoch negativ, die Bev\u00f6lkerung nicht gef\u00e4hrdet.<\/p>\n<p>Weniger gut sah es f\u00fcr den Betrieb aus. Aufgrund der gro\u00dfen Hitzeentwicklung konnten die Wehrm\u00e4nner nicht in die Halle vordringen. Allerdings gelang es ihnen, die f\u00fcr Schwei\u00dfarbeiten ben\u00f6tigten und dort gelagerten \u201eAcetylenflaschen\u201c von au\u00dfen mit L\u00f6schwasser ausreichend zu k\u00fchlen. W\u00e4re das nicht gelungen, w\u00e4re auf Grund der Hitze im Flascheninneren zu einer chemischen Reaktion und anschlie\u00dfender Explosion gekommen. Die Halle und die darin abgestellten acht Pkw brannten jedoch v\u00f6llig aus. Im hinteren Bereich st\u00fcrzten sogar Au\u00dfenmauern teilweise ein, weil sich Eisentr\u00e4ger durch die Hitze verformt und so gebogen hatten, dass das Mauerwerk mitgerissen wurde.<\/p>\n<p>Gegen 3 Uhr war der Brand unter Kontrolle, als Letzte konnte die Firmenich \u2013 Obergartzemer Feuerwehrleute erst um 9 Uhr 30 abr\u00fccken. Dankbar waren die eingesetzten Kr\u00e4fte, die auf Grund der enormem Hitze und des dichten Qualms bald unter Durst litten, dass die intern Bereitschaftsdienst leistende Schnelleinsatzgruppe des Weilerswister DRKs sie mit kalten und warmen Getr\u00e4nken sowie Gulaschsuppe versorgt hatte. Weil die Brandursache zun\u00e4chst ungekl\u00e4rt blieb, ermittelte die Kripo Schleiden.<\/p>\n","protected":false},"author":1,"featured_media":0,"template":"","meta":{"einsatz_weight":1,"footnotes":""},"categories":[],"tags":[],"einsatzart":[],"fahrzeug":[],"exteinsatzmittel":[],"alarmierungsart":[],"evw_unit":[],"class_list":["post-991","einsatz","type-einsatz","status-publish","hentry"],"_links":{"self":[{"href":"https:\/\/www.feuerwehr-iversheim.de\/index.php?rest_route=\/wp\/v2\/einsatz\/991","targetHints":{"allow":["GET"]}}],"collection":[{"href":"https:\/\/www.feuerwehr-iversheim.de\/index.php?rest_route=\/wp\/v2\/einsatz"}],"about":[{"href":"https:\/\/www.feuerwehr-iversheim.de\/index.php?rest_route=\/wp\/v2\/types\/einsatz"}],"author":[{"embeddable":true,"href":"https:\/\/www.feuerwehr-iversheim.de\/index.php?rest_route=\/wp\/v2\/users\/1"}],"version-history":[{"count":4,"href":"https:\/\/www.feuerwehr-iversheim.de\/index.php?rest_route=\/wp\/v2\/einsatz\/991\/revisions"}],"predecessor-version":[{"id":996,"href":"https:\/\/www.feuerwehr-iversheim.de\/index.php?rest_route=\/wp\/v2\/einsatz\/991\/revisions\/996"}],"wp:attachment":[{"href":"https:\/\/www.feuerwehr-iversheim.de\/index.php?rest_route=%2Fwp%2Fv2%2Fmedia&parent=991"}],"wp:term":[{"taxonomy":"category","embeddable":true,"href":"https:\/\/www.feuerwehr-iversheim.de\/index.php?rest_route=%2Fwp%2Fv2%2Fcategories&post=991"},{"taxonomy":"post_tag","embeddable":true,"href":"https:\/\/www.feuerwehr-iversheim.de\/index.php?rest_route=%2Fwp%2Fv2%2Ftags&post=991"},{"taxonomy":"einsatzart","embeddable":true,"href":"https:\/\/www.feuerwehr-iversheim.de\/index.php?rest_route=%2Fwp%2Fv2%2Feinsatzart&post=991"},{"taxonomy":"fahrzeug","embeddable":true,"href":"https:\/\/www.feuerwehr-iversheim.de\/index.php?rest_route=%2Fwp%2Fv2%2Ffahrzeug&post=991"},{"taxonomy":"exteinsatzmittel","embeddable":true,"href":"https:\/\/www.feuerwehr-iversheim.de\/index.php?rest_route=%2Fwp%2Fv2%2Fexteinsatzmittel&post=991"},{"taxonomy":"alarmierungsart","embeddable":true,"href":"https:\/\/www.feuerwehr-iversheim.de\/index.php?rest_route=%2Fwp%2Fv2%2Falarmierungsart&post=991"},{"taxonomy":"evw_unit","embeddable":true,"href":"https:\/\/www.feuerwehr-iversheim.de\/index.php?rest_route=%2Fwp%2Fv2%2Fevw_unit&post=991"}],"curies":[{"name":"wp","href":"https:\/\/api.w.org\/{rel}","templated":true}]}}