{"id":2697,"date":"2017-11-01T14:55:34","date_gmt":"2017-11-01T13:55:34","guid":{"rendered":"http:\/\/www.feuerwehr-iversheim.de\/?page_id=2697"},"modified":"2017-11-01T15:25:31","modified_gmt":"2017-11-01T14:25:31","slug":"umbauten-aenderungen","status":"publish","type":"page","link":"https:\/\/www.feuerwehr-iversheim.de\/?page_id=2697","title":{"rendered":"Umbauten &#038; \u00c4nderungen"},"content":{"rendered":"<p><strong>&#8222;Wer stehen bleibt macht einen Schritt zur\u00fcck&#8220;<\/strong><\/p>\n<p>Das bedeutet f\u00fcr uns und unsere Fahrzeuge, dass wir immer wieder kleine Verbesserungen vornehmen m\u00fcssen, um uns die Arbeit im Einsatz oder bei \u00dcbungen leichter zu machen und Fehler auszumerzen. Auf dieser Seite wollen wir Ihnen diese \u00c4nderungen n\u00e4her bringen.<\/p>\n<p>&nbsp;<\/p>\n<p><strong>B-Schnellangriff-Verteiler<\/strong><\/p>\n<p><img loading=\"lazy\" decoding=\"async\" class=\"alignright size-medium wp-image-2716\" src=\"http:\/\/www.feuerwehr-iversheim.de\/wp-content\/uploads\/2017\/11\/KisteTSFW-19-300x225.jpg\" alt=\"\" width=\"300\" height=\"225\" srcset=\"https:\/\/www.feuerwehr-iversheim.de\/wp-content\/uploads\/2017\/11\/KisteTSFW-19-300x225.jpg 300w, https:\/\/www.feuerwehr-iversheim.de\/wp-content\/uploads\/2017\/11\/KisteTSFW-19.jpg 512w\" sizes=\"auto, (max-width: 300px) 100vw, 300px\" \/><\/p>\n<p>Bei \u00dcbungen mit einem Fahrzeug einer anderen L\u00f6schgruppe, wurden die positiven Eigenschaften eines B-Schnellangriffs entdeckt. Es wurde \u00fcberlegt wie dies bei unserem Fahrzeug verwirklicht werden k\u00f6nnte. Schnell war klar das eine Kiste, die ihren Platz unter dem Ger\u00e4teraum auf der Fahrerseite finden w\u00fcrde, her musste. Nach den ersten \u00dcberlegungen wie die zwei B-Schl\u00e4uche und der Verteiler am besten platziert werden m\u00fcssen, um ein optimale Platzausnutzung zu erzielen, wurden die Masse f\u00fcr die Kiste am Fahrzeug genommen. In vielen Arbeitsstunden wurde die Kiste zusammen gebaut und an das Fahrzeug angepasst. Nach dem die Kiste verzinkt und pulverbeschichtet worden war, konnte die Kiste am Fahrzeug montiert werden. Nun kann bei Brandeins\u00e4tzen mit wenigen Handgriffen die B-Leitung mit Verteiler in kurzer Zeit und geringem Aufwand ausgelegt werden.<\/p>\n\n\t\t<style type=\"text\/css\">\n\t\t\t#gallery-1 {\n\t\t\t\tmargin: auto;\n\t\t\t}\n\t\t\t#gallery-1 .gallery-item {\n\t\t\t\tfloat: left;\n\t\t\t\tmargin-top: 10px;\n\t\t\t\ttext-align: center;\n\t\t\t\twidth: 11%;\n\t\t\t}\n\t\t\t#gallery-1 img {\n\t\t\t\tborder: 2px solid #cfcfcf;\n\t\t\t}\n\t\t\t#gallery-1 .gallery-caption {\n\t\t\t\tmargin-left: 0;\n\t\t\t}\n\t\t\t\/* see gallery_shortcode() in wp-includes\/media.php *\/\n\t\t<\/style>\n\t\t<div id='gallery-1' class='gallery galleryid-2697 gallery-columns-9 gallery-size-thumbnail'><dl class='gallery-item'>\n\t\t\t<dt class='gallery-icon landscape'>\n\t\t\t\t<a href='https:\/\/www.feuerwehr-iversheim.de\/wp-content\/uploads\/2017\/11\/KisteTSFW-01.jpg'><img loading=\"lazy\" decoding=\"async\" width=\"150\" height=\"150\" src=\"https:\/\/www.feuerwehr-iversheim.de\/wp-content\/uploads\/2017\/11\/KisteTSFW-01-150x150.jpg\" class=\"attachment-thumbnail size-thumbnail\" alt=\"\" \/><\/a>\n\t\t\t<\/dt><\/dl><dl class='gallery-item'>\n\t\t\t<dt class='gallery-icon landscape'>\n\t\t\t\t<a href='https:\/\/www.feuerwehr-iversheim.de\/wp-content\/uploads\/2017\/11\/KisteTSFW-02.jpg'><img loading=\"lazy\" decoding=\"async\" width=\"150\" height=\"150\" src=\"https:\/\/www.feuerwehr-iversheim.de\/wp-content\/uploads\/2017\/11\/KisteTSFW-02-150x150.jpg\" class=\"attachment-thumbnail size-thumbnail\" alt=\"\" \/><\/a>\n\t\t\t<\/dt><\/dl><dl class='gallery-item'>\n\t\t\t<dt class='gallery-icon landscape'>\n\t\t\t\t<a href='https:\/\/www.feuerwehr-iversheim.de\/wp-content\/uploads\/2017\/11\/KisteTSFW-03.jpg'><img loading=\"lazy\" decoding=\"async\" width=\"150\" height=\"150\" src=\"https:\/\/www.feuerwehr-iversheim.de\/wp-content\/uploads\/2017\/11\/KisteTSFW-03-150x150.jpg\" class=\"attachment-thumbnail size-thumbnail\" alt=\"\" \/><\/a>\n\t\t\t<\/dt><\/dl><dl class='gallery-item'>\n\t\t\t<dt class='gallery-icon landscape'>\n\t\t\t\t<a href='https:\/\/www.feuerwehr-iversheim.de\/wp-content\/uploads\/2017\/11\/KisteTSFW-04.jpg'><img loading=\"lazy\" decoding=\"async\" width=\"150\" height=\"150\" src=\"https:\/\/www.feuerwehr-iversheim.de\/wp-content\/uploads\/2017\/11\/KisteTSFW-04-150x150.jpg\" class=\"attachment-thumbnail size-thumbnail\" alt=\"\" \/><\/a>\n\t\t\t<\/dt><\/dl><dl class='gallery-item'>\n\t\t\t<dt class='gallery-icon landscape'>\n\t\t\t\t<a href='https:\/\/www.feuerwehr-iversheim.de\/wp-content\/uploads\/2017\/11\/KisteTSFW-05.jpg'><img loading=\"lazy\" decoding=\"async\" width=\"150\" height=\"150\" src=\"https:\/\/www.feuerwehr-iversheim.de\/wp-content\/uploads\/2017\/11\/KisteTSFW-05-150x150.jpg\" class=\"attachment-thumbnail size-thumbnail\" alt=\"\" \/><\/a>\n\t\t\t<\/dt><\/dl><dl class='gallery-item'>\n\t\t\t<dt class='gallery-icon landscape'>\n\t\t\t\t<a href='https:\/\/www.feuerwehr-iversheim.de\/wp-content\/uploads\/2017\/11\/KisteTSFW-06.jpg'><img loading=\"lazy\" decoding=\"async\" width=\"150\" height=\"150\" src=\"https:\/\/www.feuerwehr-iversheim.de\/wp-content\/uploads\/2017\/11\/KisteTSFW-06-150x150.jpg\" class=\"attachment-thumbnail size-thumbnail\" alt=\"\" \/><\/a>\n\t\t\t<\/dt><\/dl><dl class='gallery-item'>\n\t\t\t<dt class='gallery-icon landscape'>\n\t\t\t\t<a href='https:\/\/www.feuerwehr-iversheim.de\/wp-content\/uploads\/2017\/11\/KisteTSFW-07.jpg'><img loading=\"lazy\" decoding=\"async\" width=\"150\" height=\"150\" src=\"https:\/\/www.feuerwehr-iversheim.de\/wp-content\/uploads\/2017\/11\/KisteTSFW-07-150x150.jpg\" class=\"attachment-thumbnail size-thumbnail\" alt=\"\" \/><\/a>\n\t\t\t<\/dt><\/dl><dl class='gallery-item'>\n\t\t\t<dt class='gallery-icon landscape'>\n\t\t\t\t<a href='https:\/\/www.feuerwehr-iversheim.de\/wp-content\/uploads\/2017\/11\/KisteTSFW-08.jpg'><img loading=\"lazy\" decoding=\"async\" width=\"150\" height=\"150\" src=\"https:\/\/www.feuerwehr-iversheim.de\/wp-content\/uploads\/2017\/11\/KisteTSFW-08-150x150.jpg\" class=\"attachment-thumbnail size-thumbnail\" alt=\"\" \/><\/a>\n\t\t\t<\/dt><\/dl><dl class='gallery-item'>\n\t\t\t<dt class='gallery-icon landscape'>\n\t\t\t\t<a href='https:\/\/www.feuerwehr-iversheim.de\/wp-content\/uploads\/2017\/11\/KisteTSFW-09.jpg'><img loading=\"lazy\" decoding=\"async\" width=\"150\" height=\"150\" src=\"https:\/\/www.feuerwehr-iversheim.de\/wp-content\/uploads\/2017\/11\/KisteTSFW-09-150x150.jpg\" class=\"attachment-thumbnail size-thumbnail\" alt=\"\" \/><\/a>\n\t\t\t<\/dt><\/dl><br style=\"clear: both\" \/><dl class='gallery-item'>\n\t\t\t<dt class='gallery-icon landscape'>\n\t\t\t\t<a href='https:\/\/www.feuerwehr-iversheim.de\/wp-content\/uploads\/2017\/11\/KisteTSFW-10.jpg'><img loading=\"lazy\" decoding=\"async\" width=\"150\" height=\"150\" src=\"https:\/\/www.feuerwehr-iversheim.de\/wp-content\/uploads\/2017\/11\/KisteTSFW-10-150x150.jpg\" class=\"attachment-thumbnail size-thumbnail\" alt=\"\" \/><\/a>\n\t\t\t<\/dt><\/dl><dl class='gallery-item'>\n\t\t\t<dt class='gallery-icon landscape'>\n\t\t\t\t<a href='https:\/\/www.feuerwehr-iversheim.de\/wp-content\/uploads\/2017\/11\/KisteTSFW-11.jpg'><img loading=\"lazy\" decoding=\"async\" width=\"150\" height=\"150\" src=\"https:\/\/www.feuerwehr-iversheim.de\/wp-content\/uploads\/2017\/11\/KisteTSFW-11-150x150.jpg\" class=\"attachment-thumbnail size-thumbnail\" alt=\"\" \/><\/a>\n\t\t\t<\/dt><\/dl><dl class='gallery-item'>\n\t\t\t<dt class='gallery-icon landscape'>\n\t\t\t\t<a href='https:\/\/www.feuerwehr-iversheim.de\/wp-content\/uploads\/2017\/11\/KisteTSFW-12.jpg'><img loading=\"lazy\" decoding=\"async\" width=\"150\" height=\"150\" src=\"https:\/\/www.feuerwehr-iversheim.de\/wp-content\/uploads\/2017\/11\/KisteTSFW-12-150x150.jpg\" class=\"attachment-thumbnail size-thumbnail\" alt=\"\" \/><\/a>\n\t\t\t<\/dt><\/dl><dl class='gallery-item'>\n\t\t\t<dt class='gallery-icon landscape'>\n\t\t\t\t<a href='https:\/\/www.feuerwehr-iversheim.de\/wp-content\/uploads\/2017\/11\/KisteTSFW-13.jpg'><img loading=\"lazy\" decoding=\"async\" width=\"150\" height=\"150\" src=\"https:\/\/www.feuerwehr-iversheim.de\/wp-content\/uploads\/2017\/11\/KisteTSFW-13-150x150.jpg\" class=\"attachment-thumbnail size-thumbnail\" alt=\"\" \/><\/a>\n\t\t\t<\/dt><\/dl><dl class='gallery-item'>\n\t\t\t<dt class='gallery-icon landscape'>\n\t\t\t\t<a href='https:\/\/www.feuerwehr-iversheim.de\/wp-content\/uploads\/2017\/11\/KisteTSFW-14.jpg'><img loading=\"lazy\" decoding=\"async\" width=\"150\" height=\"150\" src=\"https:\/\/www.feuerwehr-iversheim.de\/wp-content\/uploads\/2017\/11\/KisteTSFW-14-150x150.jpg\" class=\"attachment-thumbnail size-thumbnail\" alt=\"\" \/><\/a>\n\t\t\t<\/dt><\/dl><dl class='gallery-item'>\n\t\t\t<dt class='gallery-icon landscape'>\n\t\t\t\t<a href='https:\/\/www.feuerwehr-iversheim.de\/wp-content\/uploads\/2017\/11\/KisteTSFW-15.jpg'><img loading=\"lazy\" decoding=\"async\" width=\"150\" height=\"150\" src=\"https:\/\/www.feuerwehr-iversheim.de\/wp-content\/uploads\/2017\/11\/KisteTSFW-15-150x150.jpg\" class=\"attachment-thumbnail size-thumbnail\" alt=\"\" \/><\/a>\n\t\t\t<\/dt><\/dl><dl class='gallery-item'>\n\t\t\t<dt class='gallery-icon landscape'>\n\t\t\t\t<a href='https:\/\/www.feuerwehr-iversheim.de\/wp-content\/uploads\/2017\/11\/KisteTSFW-16.jpg'><img loading=\"lazy\" decoding=\"async\" width=\"150\" height=\"150\" src=\"https:\/\/www.feuerwehr-iversheim.de\/wp-content\/uploads\/2017\/11\/KisteTSFW-16-150x150.jpg\" class=\"attachment-thumbnail size-thumbnail\" alt=\"\" \/><\/a>\n\t\t\t<\/dt><\/dl><dl class='gallery-item'>\n\t\t\t<dt class='gallery-icon landscape'>\n\t\t\t\t<a href='https:\/\/www.feuerwehr-iversheim.de\/wp-content\/uploads\/2017\/11\/KisteTSFW-17.jpg'><img loading=\"lazy\" decoding=\"async\" width=\"150\" height=\"150\" src=\"https:\/\/www.feuerwehr-iversheim.de\/wp-content\/uploads\/2017\/11\/KisteTSFW-17-150x150.jpg\" class=\"attachment-thumbnail size-thumbnail\" alt=\"\" \/><\/a>\n\t\t\t<\/dt><\/dl><dl class='gallery-item'>\n\t\t\t<dt class='gallery-icon landscape'>\n\t\t\t\t<a href='https:\/\/www.feuerwehr-iversheim.de\/wp-content\/uploads\/2017\/11\/KisteTSFW-18.jpg'><img loading=\"lazy\" decoding=\"async\" width=\"150\" height=\"150\" src=\"https:\/\/www.feuerwehr-iversheim.de\/wp-content\/uploads\/2017\/11\/KisteTSFW-18-150x150.jpg\" class=\"attachment-thumbnail size-thumbnail\" alt=\"\" \/><\/a>\n\t\t\t<\/dt><\/dl><br style=\"clear: both\" \/><dl class='gallery-item'>\n\t\t\t<dt class='gallery-icon landscape'>\n\t\t\t\t<a href='https:\/\/www.feuerwehr-iversheim.de\/wp-content\/uploads\/2017\/11\/KisteTSFW-19.jpg'><img loading=\"lazy\" decoding=\"async\" width=\"150\" height=\"150\" src=\"https:\/\/www.feuerwehr-iversheim.de\/wp-content\/uploads\/2017\/11\/KisteTSFW-19-150x150.jpg\" class=\"attachment-thumbnail size-thumbnail\" alt=\"\" \/><\/a>\n\t\t\t<\/dt><\/dl><dl class='gallery-item'>\n\t\t\t<dt class='gallery-icon landscape'>\n\t\t\t\t<a href='https:\/\/www.feuerwehr-iversheim.de\/wp-content\/uploads\/2017\/11\/KisteTSFW-20.jpg'><img loading=\"lazy\" decoding=\"async\" width=\"150\" height=\"150\" src=\"https:\/\/www.feuerwehr-iversheim.de\/wp-content\/uploads\/2017\/11\/KisteTSFW-20-150x150.jpg\" class=\"attachment-thumbnail size-thumbnail\" alt=\"\" \/><\/a>\n\t\t\t<\/dt><\/dl><dl class='gallery-item'>\n\t\t\t<dt class='gallery-icon landscape'>\n\t\t\t\t<a href='https:\/\/www.feuerwehr-iversheim.de\/wp-content\/uploads\/2017\/11\/KisteTSFW-21.jpg'><img loading=\"lazy\" decoding=\"async\" width=\"150\" height=\"150\" src=\"https:\/\/www.feuerwehr-iversheim.de\/wp-content\/uploads\/2017\/11\/KisteTSFW-21-150x150.jpg\" class=\"attachment-thumbnail size-thumbnail\" alt=\"\" \/><\/a>\n\t\t\t<\/dt><\/dl>\n\t\t\t<br style='clear: both' \/>\n\t\t<\/div>\n\n<p>&nbsp;<\/p>\n<p><strong>Front Blitzer<\/strong><\/p>\n<p><img loading=\"lazy\" decoding=\"async\" class=\"alignleft size-full wp-image-2719\" src=\"http:\/\/www.feuerwehr-iversheim.de\/wp-content\/uploads\/2017\/11\/tsfwblitzer.gif\" alt=\"\" width=\"200\" height=\"150\" \/><\/p>\n<p>Um auf der Strasse besser wahrgenommen werden zu k\u00f6nnen haben wir uns dazu entschieden in beiden Fahrzeugen Front Blitzer einzubauen. Dazu haben wir uns Unterst\u00fctzung eines befreundeten Feuerwehrkammeraden geholt. Das Ergebnis gibt uns bei Eins\u00e4tzen nicht nur verbesserte Sicherheit, es sieht auch noch verdammt gut aus!<\/p>\n<p>&nbsp;<\/p>\n<p><strong>Rollbock f\u00fcr Be- und Entl\u00fcftungsger\u00e4t<\/strong><\/p>\n<p><img loading=\"lazy\" decoding=\"async\" class=\"alignright size-full wp-image-2720\" src=\"http:\/\/www.feuerwehr-iversheim.de\/wp-content\/uploads\/2017\/11\/belgbock.gif\" alt=\"\" width=\"200\" height=\"150\" \/><\/p>\n<p>Das Be- und Entl\u00fcftungsger\u00e4t war anfangs auf den Boden des Ger\u00e4teraums eingestellt. Beim Herausnehmen des Ger\u00e4tes mussten zwei Feuerwehrkammeraden mit vereinten Kr\u00e4ften das Ger\u00e4t aus dem engen Laderaum herausheben. Da dies keine R\u00fcckenschonende Arbeit war, \u00fcberlegte man sich einen Rollbock zu bauen. Zuf\u00e4llig konnte ein alter Rollbock besorgt werden. Da dieser kleiner als das Be- und Entl\u00fcftungsger\u00e4t war musste der Bock noch angepasst werden. Nun kann das Ger\u00e4t leichter aus dem Fahrzeug entnommen werden.<\/p>\n<p>&nbsp;<\/p>\n<p><strong>Bau eines zweiten Ger\u00e4terollturms und Anschaffung eines Spannbretts<\/strong><\/p>\n<p><img loading=\"lazy\" decoding=\"async\" class=\"alignleft size-full wp-image-2721\" src=\"http:\/\/www.feuerwehr-iversheim.de\/wp-content\/uploads\/2017\/11\/GWNgr.gif\" alt=\"\" width=\"200\" height=\"150\" \/><\/p>\n<p>Immer mehr kleinere Ger\u00e4te und Zubeh\u00f6r sammelten sich an die auf das Fahrzeug sinnvoll verladen werden mussten. Der erste Rollturm platze bereits aus allen N\u00e4hten und im Ger\u00e4teraum sah es auch nicht viel besser aus. So wurde schnell die Entscheidung getroffen das ein weiterer Turm gebaut werden musste. Nun konnten alle losen Ger\u00e4te sauber auf dem zweiten Turm verstaut werden. Damit diese beiden T\u00fcrme nun besser gesichert werden k\u00f6nnen, wurde ein LKW-Spanbrett ersteigert und auf die Fahrzeugma\u00dfe angepasst.<\/p>\n","protected":false},"excerpt":{"rendered":"<p>&#8222;Wer stehen bleibt macht einen Schritt zur\u00fcck&#8220; Das bedeutet f\u00fcr uns und unsere Fahrzeuge, dass wir immer wieder kleine Verbesserungen vornehmen m\u00fcssen, um uns die Arbeit im Einsatz oder bei <a class=\"more-link\" href=\"https:\/\/www.feuerwehr-iversheim.de\/?page_id=2697\">Weiterlesen \u2192<\/a><\/p>\n","protected":false},"author":1,"featured_media":0,"parent":149,"menu_order":0,"comment_status":"closed","ping_status":"closed","template":"","meta":{"footnotes":""},"class_list":["post-2697","page","type-page","status-publish","hentry"],"_links":{"self":[{"href":"https:\/\/www.feuerwehr-iversheim.de\/index.php?rest_route=\/wp\/v2\/pages\/2697","targetHints":{"allow":["GET"]}}],"collection":[{"href":"https:\/\/www.feuerwehr-iversheim.de\/index.php?rest_route=\/wp\/v2\/pages"}],"about":[{"href":"https:\/\/www.feuerwehr-iversheim.de\/index.php?rest_route=\/wp\/v2\/types\/page"}],"author":[{"embeddable":true,"href":"https:\/\/www.feuerwehr-iversheim.de\/index.php?rest_route=\/wp\/v2\/users\/1"}],"replies":[{"embeddable":true,"href":"https:\/\/www.feuerwehr-iversheim.de\/index.php?rest_route=%2Fwp%2Fv2%2Fcomments&post=2697"}],"version-history":[{"count":3,"href":"https:\/\/www.feuerwehr-iversheim.de\/index.php?rest_route=\/wp\/v2\/pages\/2697\/revisions"}],"predecessor-version":[{"id":2734,"href":"https:\/\/www.feuerwehr-iversheim.de\/index.php?rest_route=\/wp\/v2\/pages\/2697\/revisions\/2734"}],"up":[{"embeddable":true,"href":"https:\/\/www.feuerwehr-iversheim.de\/index.php?rest_route=\/wp\/v2\/pages\/149"}],"wp:attachment":[{"href":"https:\/\/www.feuerwehr-iversheim.de\/index.php?rest_route=%2Fwp%2Fv2%2Fmedia&parent=2697"}],"curies":[{"name":"wp","href":"https:\/\/api.w.org\/{rel}","templated":true}]}}