{"id":3150,"date":"2019-01-07T23:18:27","date_gmt":"2019-01-07T22:18:27","guid":{"rendered":"https:\/\/www.feuerwehr-iversheim.de\/?page_id=3150"},"modified":"2019-01-24T13:48:53","modified_gmt":"2019-01-24T12:48:53","slug":"himmelslaternen","status":"publish","type":"page","link":"https:\/\/www.feuerwehr-iversheim.de\/?page_id=3150","title":{"rendered":"Himmelslaternen"},"content":{"rendered":"\n<div class=\"wp-block-image\"><figure class=\"alignleft\"><img loading=\"lazy\" decoding=\"async\" width=\"150\" height=\"150\" src=\"https:\/\/www.feuerwehr-iversheim.de\/wp-content\/uploads\/2019\/01\/Himmelslaterne-150x150.jpg\" alt=\"\" class=\"wp-image-3151\"\/><figcaption> Bildquelle: Wilai Simon <\/figcaption><\/figure><\/div>\n\n\n\n<p>Achtung! NRW spricht Verbot aus!   <\/p>\n\n\n\n<p>Eine sch\u00f6ne Idee f\u00fcr private Partys: Himmelslaternen oder auch  Kong &#8211; Ming Laternen. Diese Laternen bestehen aus Papier das \u00fcber ein  Drahtgestell gespannt ist. Am unteren Ende der Laterne ist eine \u00d6ffnung.  In dieser h\u00e4ngt ein mit Wachs oder brennbarer Fl\u00fcssigkeit getr\u00e4nkter  Baumwollstoff oder por\u00f6ser K\u00f6rper. Wenn der Treibstoff angez\u00fcndet wird  bewirkt er, dass die Laterne erleuchtet und durch die entstehende hei\u00dfe  Luft wie ein Hei\u00dfluftballon in den Himmel steigt. Eine Himmelslaterne  ist auch \u00fcber einige Kilometer sichtbar.<\/p>\n\n\n\n<p>So sch\u00f6n diese Laternen am \nn\u00e4chtlichen Himmel auch aussehen, bergen Sie dennoch Gefahren. Da man \ndie Flugrichtung nicht vorher ahnen geschweige denn beeinflussen kann, \nbesteht besonders bei sehr trockenem Wetter die Gefahr, dass ein Brand \nausgel\u00f6st wird wenn die Laterne wieder zu Boden sinkt oder sich beim \nAufsteigen verf\u00e4ngt.<\/p>\n\n\n\n<p>Durch Ihre gro\u00dfe Steigh\u00f6he kann es auch hier \nzur Gef\u00e4hrdung kommen, weil sie in den Radarbereich des Flugverkehrs \neindringt. Auch UFO Meldungen sind wegen Ihrer geringen Bekanntheit in \nDeutschland vorgekommen.<\/p>\n\n\n\n<p><strong>Nachtrag vom 15.07.2009: Pressemitteilung vom Land NRW vom 14.07.2009<\/strong><\/p>\n\n\n\n<p><strong>Verbot f\u00fcr Fluglaternen in Nordrhein-Westfalen<\/strong><br>Minister Dr. Ingo Wolf: Schutz vor Haus- und Waldbr\u00e4nden<br>Das Innenministerium teilt mit:<\/p>\n\n\n\n<p>Das\n nordrhein-westf\u00e4lische Innenministerium zieht Konsequenzen aus Br\u00e4nden,\n die durch so genannte Fluglaternen ausgel\u00f6st wurden. K\u00fcnftig d\u00fcrfen sie\n in Nordrhein-Westfalen grunds\u00e4tzlich nicht mehr aufsteigen. Das gab \nInnenminister Dr. Ingo Wolf heute (14. Juli 2009) in D\u00fcsseldorf bekannt.<\/p>\n\n\n\n<p>Vom\n Verbot sind Fluglaternen aus Papier betroffen, bei denen die Luft mit \neiner offenen Flamme erw\u00e4rmt wird und die insbesondere unter den Namen \n\u201eHimmelslaterne, Flammea\u201c oder \u201eKong-Ming-Laterne\u201c bekannt sind. Ein \nVersto\u00df gegen die Verordnung, die am kommenden Samstag, 18. Juli, in \nKraft tritt, kann mit einer Geldbu\u00dfe von bis zu 1.000 Euro ge\u00adahndet \nwerden.<\/p>\n\n\n\n<p>Die aus Asien stammenden Fluglaternen erfreuten sich \nzuletzt st\u00e4ndig zunehmender Beliebtheit. Durch die Kombination einer \noffenen Feuer\u00adquelle mit einer leicht entflammbaren H\u00fclle stellen sie \njedoch nach Mei\u00adnung des Innenministers eine erhebliche Gefahr f\u00fcr die \nAllgemeinheit dar. Der Starter einer Fluglaterne hat weder Einfluss auf \nRichtung noch H\u00f6he des Ballons. Dieser erreicht Flugweiten von mehreren \nKilometern und Flugh\u00f6hen von mehreren hundert Metern. Mit der Verordnung\n sollen insbesondere Haus- und Waldbr\u00e4nde verhindert werden.<\/p>\n","protected":false},"excerpt":{"rendered":"<p>Achtung! NRW spricht Verbot aus! Eine sch\u00f6ne Idee f\u00fcr private Partys: Himmelslaternen oder auch Kong &#8211; Ming Laternen. Diese Laternen bestehen aus Papier das \u00fcber ein Drahtgestell gespannt ist. Am <a class=\"more-link\" href=\"https:\/\/www.feuerwehr-iversheim.de\/?page_id=3150\">Weiterlesen \u2192<\/a><\/p>\n","protected":false},"author":1,"featured_media":0,"parent":147,"menu_order":0,"comment_status":"closed","ping_status":"closed","template":"","meta":{"footnotes":""},"class_list":["post-3150","page","type-page","status-publish","hentry"],"_links":{"self":[{"href":"https:\/\/www.feuerwehr-iversheim.de\/index.php?rest_route=\/wp\/v2\/pages\/3150","targetHints":{"allow":["GET"]}}],"collection":[{"href":"https:\/\/www.feuerwehr-iversheim.de\/index.php?rest_route=\/wp\/v2\/pages"}],"about":[{"href":"https:\/\/www.feuerwehr-iversheim.de\/index.php?rest_route=\/wp\/v2\/types\/page"}],"author":[{"embeddable":true,"href":"https:\/\/www.feuerwehr-iversheim.de\/index.php?rest_route=\/wp\/v2\/users\/1"}],"replies":[{"embeddable":true,"href":"https:\/\/www.feuerwehr-iversheim.de\/index.php?rest_route=%2Fwp%2Fv2%2Fcomments&post=3150"}],"version-history":[{"count":1,"href":"https:\/\/www.feuerwehr-iversheim.de\/index.php?rest_route=\/wp\/v2\/pages\/3150\/revisions"}],"predecessor-version":[{"id":3152,"href":"https:\/\/www.feuerwehr-iversheim.de\/index.php?rest_route=\/wp\/v2\/pages\/3150\/revisions\/3152"}],"up":[{"embeddable":true,"href":"https:\/\/www.feuerwehr-iversheim.de\/index.php?rest_route=\/wp\/v2\/pages\/147"}],"wp:attachment":[{"href":"https:\/\/www.feuerwehr-iversheim.de\/index.php?rest_route=%2Fwp%2Fv2%2Fmedia&parent=3150"}],"curies":[{"name":"wp","href":"https:\/\/api.w.org\/{rel}","templated":true}]}}